{"id":253,"date":"2014-10-24T14:07:32","date_gmt":"2014-10-24T11:07:32","guid":{"rendered":"http:\/\/www.bindannmalveg.de\/blog\/?page_id=253"},"modified":"2015-03-30T21:27:05","modified_gmt":"2015-03-30T19:27:05","slug":"deutschsprachige-laender","status":"publish","type":"page","link":"https:\/\/www.bindannmalveg.de\/blog\/vegan-event-guide\/deutschsprachige-laender\/","title":{"rendered":"Events in den deutschsprachigen L\u00e4ndern"},"content":{"rendered":"<h4><b>Deutschland<\/b><\/h4>\n<p><strong>Januar<\/strong><br \/>\nV-delicious Messe Berlin (zuletzt vom\u00a023. &#8211; 25.01.2015)<\/p>\n<p><strong>Februar<\/strong><br \/>\n10. &#8211; 13.02.2016 BIOFACH-Messe N\u00fcrnberg<br \/>\nVeggieWorld Wiesbaden (zuletzt vom\u00a027.02 &#8211; 01.03.2015)<\/p>\n<p><strong>M\u00e4rz<\/strong><br \/>\nVegane Ostern M\u00fcnchen (zuletzt am\u00a021.03.2015)<br \/>\nRohvolution Berlin (zuletzt am\u00a021. + 22.03.2015)<br \/>\nHeldenmarkt Bochum (zuletzt am\u00a028.03.2015)<\/p>\n<p><strong>April<\/strong><br \/>\n11.04.2015 Vegan Spring Hannover<\/p>\n<p><strong>Mai<\/strong><br \/>\n02. + 03.05.2015 VeggieExpo M\u00fcnchen<br \/>\n09.05.2015 Veggiemarkt K\u00f6ln<br \/>\n16.05.2015 Veganmania W\u00fcrzburg<br \/>\n16. + 17.05.2015 Rohvolution Freiburg\/Breisgau<br \/>\n<a title=\"Immer eine Reise wert: Der Vegan Street Day\" href=\"http:\/\/www.bindannmalveg.de\/blog\/vegan-street-day-stuttgart\/\" target=\"_blank\">24.05.2015 Vegan Street Day Stuttgart (j\u00e4hrlich an Pfingstsonntag)<\/a><br \/>\nLauffest gegen Leiden M\u00fcnchen (zuletzt am 18.05.2014)<br \/>\n30.05.2015 Veggie Stra\u00dfenfest N\u00fcrnberg<br \/>\nVeganes Sommerfest Halle (zuletzt am 31.05.2014)<\/p>\n<p><strong>Juni<\/strong><br \/>\n06.06.2015 Veggie-Fest Koblenz<br \/>\nVeggie-Sommer Jena (zuletzt am 07.06.2014)<br \/>\n13.06.2015 TOFU POP Festival K\u00f6ln<br \/>\n21.06.2015 Der vegane Markt Bad Neuenahr-Ahrweiler<br \/>\nVeganmania Augsburg (zuletzt am 21.06.2014)<\/p>\n<p><strong>Juli<\/strong><br \/>\n04.07.2015 Soest goes veggie<br \/>\n04.07.2015 Vegan Summer Eckernf\u00f6rde<br \/>\n<a title=\"Auf zu Deutschlands gr\u00f6\u00dftem veganen Stra\u00dfenfest: Vegan Street Day Dortmund\" href=\"http:\/\/www.bindannmalveg.de\/blog\/vegan-street-day-dortmund\/\" target=\"_blank\">11.07.2015\u00a0Vegan Street Day Dortmund (zuletzt am 09.08.2014)<\/a><br \/>\n18.07.2015 Veganmania Iserlohn<br \/>\n18.07.2015 Vegan im Quadrat Mannheim<br \/>\nVeganes Sommerfest Nienburg (zuletzt am 19.07.2014)<br \/>\nVeganmania M\u00fcnchen (zuletzt am 26.07.2014)<\/p>\n<p><strong>August<\/strong><br \/>\nVeganmania Regensburg\u00a0(zuletzt am 09.08.2014)<br \/>\nBayrisch-veganes Sommerfest in Markt Indersdorf\u00a0(zuletzt am 09.08.2014)<br \/>\nVeganes Sommerfest Heilbronn\u00a0(zuletzt am 10.08.2014)<br \/>\nVeganes Sommerfest Bremen (zuletzt am 24.08.2014)<br \/>\n28. &#8211; 30.08.2015 Vegan-vegetarisches Sommerfest Berlin<\/p>\n<p><strong>September<\/strong><br \/>\nVegan Summer Day Leipzig (zuletzt am 06.09.2014)<br \/>\nVeganes Sp\u00e4tsommerfest Engen bei Singen (zuletzt am 06.09.2014)<br \/>\nVeganmania Rosenheim (zuletzt am 13.09.2014)<br \/>\n12.09.2015 Veganes Sommerfest K\u00f6ln<br \/>\nVeganes Stra\u00dfenfest Hamburg\u00a0(zuletzt am 13.09.2014)<br \/>\n19. + 20.09.2015 Rohvolution Speyer<br \/>\n26.09.2015 VeggieFest Solingen<br \/>\nVegan-Markt Winnenden (zuletzt am 27.09.2014)<br \/>\nIn Planung f\u00fcr 2015: VeggieExpo Berlin<\/p>\n<p><strong>Oktober<\/strong><br \/>\nVeganes Festival in Heilbronn (zuletzt am 12.10.2014)<br \/>\n17.10.2015 Heldenmarkt Frankfurt<br \/>\n16. &#8211; 18.10.2015 VeggieWorld D\u00fcsseldorf<br \/>\n24.10.2015 Heldenmarkt Stuttgart<br \/>\nVegane Woche M\u00fcnster (zuletzt am\u00a020. &#8211; 26.10.2014)<\/p>\n<p><strong>November<\/strong><br \/>\n07. &#8211; 08.11.2015 VeggieWorld Berlin<br \/>\n07. + 08.11.2015 Rohvolution M\u00fclheim an der Ruhr<br \/>\nVeganer Weihnachtsmarkt Duisburg (zuletzt am\u00a029. + 30.11.2014)<br \/>\nGreen Christmas Market (Vegan-vegetarischer Weihnachtsmarkt) Berlin, jeweils an den Adventssonntagen (zuletzt vom\u00a030.11 &#8211; 21.12.2014)<\/p>\n<p><strong>Dezember<\/strong><br \/>\nVeganer Weihnachtsmarkt Hamburg (zuletzt am\u00a006.12.2014)<br \/>\n05. + 06.12.2015 Veganer Weihnachtsmarkt Hannover<br \/>\nVeganer Weihnachtsmarkt D\u00fcsseldorf (zuletzt am\u00a007.12.2014)<br \/>\nVeganer Weihnachtsmarkt Leipzig (zuletzt am\u00a013.12.2014)<\/p>\n<p>&nbsp;<\/p>\n<h4><b>\u00d6sterreich<\/b><\/h4>\n<p><strong>Mai<\/strong><br \/>\nVeganmania Linz (zuletzt am 24.05.2014)<\/p>\n<p><strong>Juni<\/strong><br \/>\nVeganmania Wien (zuletzt am 06. &#8211; 09.06.2014)<\/p>\n<p><strong>Juli<\/strong><br \/>\nVeganmania Graz (zuletzt am 05. + 06.07.2014)<\/p>\n<p><strong>August<\/strong><br \/>\nVeganmania Innsbruck (zuletzt am 02.08.2014)<br \/>\nVeganmania Klagenfurt (zuletzt am 16.08.2014)<br \/>\nVeganmania Bregenz (zuletzt am 30.08.2014)<\/p>\n<p><strong>September<\/strong><br \/>\nVeganmania St. P\u00f6lten (zuletzt am 06.09.2014)<\/p>\n<p><strong>Dezember<\/strong><br \/>\nVegan X-Mas Wien (zuletzt am\u00a005. + 06.12.2014)<\/p>\n<p>&nbsp;<\/p>\n<h4><b>Schweiz<\/b><\/h4>\n<p>22. + 23.05.2015 Vegana Stra\u00dfenfest Z\u00fcrich<br \/>\n05.09.2015 Veganmania Winterthur<\/p>\n","protected":false},"excerpt":{"rendered":"<p>Deutschland Januar V-delicious Messe Berlin (zuletzt vom\u00a023. &#8211; 25.01.2015) Februar 10. &#8211; 13.02.2016 BIOFACH-Messe N\u00fcrnberg VeggieWorld Wiesbaden (zuletzt vom\u00a027.02 &#8211; 01.03.2015) M\u00e4rz Vegane Ostern M\u00fcnchen (zuletzt am\u00a021.03.2015) Rohvolution Berlin (zuletzt am\u00a021. + 22.03.2015) Heldenmarkt Bochum (zuletzt am\u00a028.03.2015) April 11.04.2015 Vegan Spring Hannover Mai 02. + 03.05.2015 VeggieExpo M\u00fcnchen 09.05.2015 Veggiemarkt K\u00f6ln 16.05.2015 Veganmania W\u00fcrzburg 16.&nbsp;&hellip;<\/p>\n","protected":false},"author":1,"featured_media":1471,"parent":232,"menu_order":0,"comment_status":"open","ping_status":"open","template":"","meta":[],"_links":{"self":[{"href":"https:\/\/www.bindannmalveg.de\/blog\/wp-json\/wp\/v2\/pages\/253"}],"collection":[{"href":"https:\/\/www.bindannmalveg.de\/blog\/wp-json\/wp\/v2\/pages"}],"about":[{"href":"https:\/\/www.bindannmalveg.de\/blog\/wp-json\/wp\/v2\/types\/page"}],"author":[{"embeddable":true,"href":"https:\/\/www.bindannmalveg.de\/blog\/wp-json\/wp\/v2\/users\/1"}],"replies":[{"embeddable":true,"href":"https:\/\/www.bindannmalveg.de\/blog\/wp-json\/wp\/v2\/comments?post=253"}],"version-history":[{"count":18,"href":"https:\/\/www.bindannmalveg.de\/blog\/wp-json\/wp\/v2\/pages\/253\/revisions"}],"predecessor-version":[{"id":1661,"href":"https:\/\/www.bindannmalveg.de\/blog\/wp-json\/wp\/v2\/pages\/253\/revisions\/1661"}],"up":[{"embeddable":true,"href":"https:\/\/www.bindannmalveg.de\/blog\/wp-json\/wp\/v2\/pages\/232"}],"wp:featuredmedia":[{"embeddable":true,"href":"https:\/\/www.bindannmalveg.de\/blog\/wp-json\/wp\/v2\/media\/1471"}],"wp:attachment":[{"href":"https:\/\/www.bindannmalveg.de\/blog\/wp-json\/wp\/v2\/media?parent=253"}],"curies":[{"name":"wp","href":"https:\/\/api.w.org\/{rel}","templated":true}]}}