{"id":274,"date":"2014-10-24T14:18:49","date_gmt":"2014-10-24T11:18:49","guid":{"rendered":"http:\/\/www.bindannmalveg.de\/blog\/?page_id=274"},"modified":"2014-12-27T14:41:01","modified_gmt":"2014-12-27T12:41:01","slug":"italien","status":"publish","type":"page","link":"https:\/\/www.bindannmalveg.de\/blog\/reisen-in\/italien\/","title":{"rendered":"Italien"},"content":{"rendered":"<p>Hier wurde die Pizza erfunden, die Mittelmeerk\u00fcste lockt und Skifahren k\u00f6nnt ihr trotzdem im Norden des Landes. Wo seid ihr gelandet? Das war nicht sonderlich schwer &#8211; in Italien nat\u00fcrlich :)<\/p>\n<p>Willst du in Italien reisen? Dann sind diese beiden Reiseberichte sicher interessant f\u00fcr dich:<br \/>\n<a title=\"Vegan zwischen Pizza, Pasta &amp; Co.\" href=\"http:\/\/www.bindannmalveg.de\/blog\/vegan-zwischen-pizza-pasta-co\/\" target=\"_blank\">Vegan zwischen Pizza, Pasta &amp; Co. (Reisebericht \u00fcber Italien allgemein)<\/a><br \/>\n<a title=\"Puglia vegana \u2013 Eine vegane Reise durch Apulien\" href=\"http:\/\/www.bindannmalveg.de\/blog\/puglia-vegana-eine-vegane-reise-durch-apulien\/\" target=\"_blank\">Puglia vegana (Reisebericht \u00fcber die Region Apulien)<\/a><\/p>\n<p>Was haben andere Reisende in Italien f\u00fcr Erfahrungen gemacht?<br \/>\n<a title=\"Und dann hat er eine Banane aus dem Autofenster gehalten\" href=\"http:\/\/www.bindannmalveg.de\/blog\/interview-alina\/\" target=\"_blank\">Interview mit Alina: Und dann hat er eine Banane aus dem Autofenster gehalten<\/a><\/p>\n<p>Und vielleicht ist in der N\u00e4he deines Urlaubsziels auch gerade ein veganes Festival. Schau gleich mal hier nach:<br \/>\n<a title=\"Events in Italien\" href=\"http:\/\/www.bindannmalveg.de\/blog\/vegan-event-guide\/italien\/\" target=\"_blank\">Vegane Feste in Italien<\/a><\/p>\n<p>Italien sch\u00f6n und gut, aber ich muss leider arbeiten\/studieren\/zur Schule gehen. Na dann hol dir doch ein bisschen Italien-Feeling nach Hause mit der leckeren italienischen K\u00fcche:<br \/>\n<a title=\"Italienische K\u00fcrbis-Rosmarin-Arancini\" href=\"http:\/\/www.bindannmalveg.de\/blog\/arancini\/\" target=\"_blank\">Arancini<\/a><br \/>\n<a title=\"Italienische Cantuccini\" href=\"http:\/\/www.bindannmalveg.de\/blog\/cantuccini\/\" target=\"_blank\">Cantuccini<br \/>\n<\/a><a title=\"K\u00fcrbis-Champignon-Frittata\" href=\"http:\/\/www.bindannmalveg.de\/blog\/kuerbis-champignon-frittata\/\" target=\"_blank\">K\u00fcrbis-Champignon-Frittata<br \/>\n<\/a><a style=\"line-height: 1.7;\" title=\"Italienisches Tiramisu\" href=\"http:\/\/www.bindannmalveg.de\/blog\/tiramisu\/\" target=\"_blank\">Pilzlasagne<br \/>\nTiramisu<br \/>\n<\/a><a title=\"Italienische Tortellini mit Broccoli-Cashew-F\u00fcllung\" href=\"http:\/\/www.bindannmalveg.de\/blog\/italienische-tortellini-mit-broccoli-cashew-fuellung\/\" target=\"_blank\">Tortellini mit Broccoli-Cashew-F\u00fcllung<br \/>\n<\/a><a title=\"Italienisches Zitronenrisotto\" href=\"http:\/\/www.bindannmalveg.de\/blog\/italienisches-zitronenrisotto\/\" target=\"_blank\">Zitronenrisotto<\/a><\/p>\n","protected":false},"excerpt":{"rendered":"<p>Hier wurde die Pizza erfunden, die Mittelmeerk\u00fcste lockt und Skifahren k\u00f6nnt ihr trotzdem im Norden des Landes. Wo seid ihr gelandet? Das war nicht sonderlich schwer &#8211; in Italien nat\u00fcrlich :) Willst du in Italien reisen? Dann sind diese beiden Reiseberichte sicher interessant f\u00fcr dich: Vegan zwischen Pizza, Pasta &amp; Co. (Reisebericht \u00fcber Italien allgemein)&nbsp;&hellip;<\/p>\n","protected":false},"author":1,"featured_media":0,"parent":236,"menu_order":0,"comment_status":"open","ping_status":"open","template":"","meta":[],"_links":{"self":[{"href":"https:\/\/www.bindannmalveg.de\/blog\/wp-json\/wp\/v2\/pages\/274"}],"collection":[{"href":"https:\/\/www.bindannmalveg.de\/blog\/wp-json\/wp\/v2\/pages"}],"about":[{"href":"https:\/\/www.bindannmalveg.de\/blog\/wp-json\/wp\/v2\/types\/page"}],"author":[{"embeddable":true,"href":"https:\/\/www.bindannmalveg.de\/blog\/wp-json\/wp\/v2\/users\/1"}],"replies":[{"embeddable":true,"href":"https:\/\/www.bindannmalveg.de\/blog\/wp-json\/wp\/v2\/comments?post=274"}],"version-history":[{"count":8,"href":"https:\/\/www.bindannmalveg.de\/blog\/wp-json\/wp\/v2\/pages\/274\/revisions"}],"predecessor-version":[{"id":1031,"href":"https:\/\/www.bindannmalveg.de\/blog\/wp-json\/wp\/v2\/pages\/274\/revisions\/1031"}],"up":[{"embeddable":true,"href":"https:\/\/www.bindannmalveg.de\/blog\/wp-json\/wp\/v2\/pages\/236"}],"wp:attachment":[{"href":"https:\/\/www.bindannmalveg.de\/blog\/wp-json\/wp\/v2\/media?parent=274"}],"curies":[{"name":"wp","href":"https:\/\/api.w.org\/{rel}","templated":true}]}}